{"version":"1.0","provider_name":"Padre Kino","provider_url":"http:\/\/www.padrekino.org\/de","author_name":"Ammin","author_url":"http:\/\/www.padrekino.org\/de\/author\/amministratore\/","title":"Die schwarze Robe, ein neues Lied f\u00fcr Padre Kino - Padre Kino","type":"rich","width":600,"height":338,"html":"<blockquote class=\"wp-embedded-content\"><a href=\"http:\/\/www.padrekino.org\/de\/il-veste-nera\/\">Die schwarze Robe, ein neues Lied f\u00fcr Padre Kino<\/a><\/blockquote>\n<script type='text\/javascript'>\n<!--\/\/--><![CDATA[\/\/><!--\n\t\t\/*! This file is auto-generated *\/\n\t\t!function(d,l){\"use strict\";var e=!1,n=!1;if(l.querySelector)if(d.addEventListener)e=!0;if(d.wp=d.wp||{},!d.wp.receiveEmbedMessage)if(d.wp.receiveEmbedMessage=function(e){var t=e.data;if(t)if(t.secret||t.message||t.value)if(!\/[^a-zA-Z0-9]\/.test(t.secret)){for(var r,i,a,s=l.querySelectorAll('iframe[data-secret=\"'+t.secret+'\"]'),n=l.querySelectorAll('blockquote[data-secret=\"'+t.secret+'\"]'),o=new RegExp(\"^https?:$\",\"i\"),c=0;c<n.length;c++)n[c].style.display=\"none\";for(c=0;c<s.length;c++)if(r=s[c],e.source===r.contentWindow){if(r.removeAttribute(\"style\"),\"height\"===t.message){if(1e3<(a=parseInt(t.value,10)))a=1e3;else if(~~a<200)a=200;r.height=a}if(\"link\"===t.message)if(i=l.createElement(\"a\"),a=l.createElement(\"a\"),i.href=r.getAttribute(\"src\"),a.href=t.value,o.test(a.protocol))if(a.host===i.host)if(l.activeElement===r)d.top.location.href=t.value}}},e)d.addEventListener(\"message\",d.wp.receiveEmbedMessage,!1),l.addEventListener(\"DOMContentLoaded\",t,!1),d.addEventListener(\"load\",t,!1);function t(){if(!n){n=!0;for(var e,t,r=-1!==navigator.appVersion.indexOf(\"MSIE 10\"),i=!!navigator.userAgent.match(\/Trident.*rv:11\\.\/),a=l.querySelectorAll(\"iframe.wp-embedded-content\"),s=0;s<a.length;s++){if(!(e=a[s]).getAttribute(\"data-secret\"))t=Math.random().toString(36).substr(2,10),e.src+=\"#?secret=\"+t,e.setAttribute(\"data-secret\",t);if(r||i)(t=e.cloneNode(!0)).removeAttribute(\"security\"),e.parentNode.replaceChild(t,e)}}}}(window,document);\n\/\/--><!]]>\n<\/script><iframe sandbox=\"allow-scripts\" security=\"restricted\" src=\"http:\/\/www.padrekino.org\/de\/il-veste-nera\/embed\/\" width=\"600\" height=\"338\" title=\"&#8222;Die schwarze Robe, ein neues Lied f\u00fcr Padre Kino&#8220; &#8211; Padre Kino\" frameborder=\"0\" marginwidth=\"0\" marginheight=\"0\" scrolling=\"no\" class=\"wp-embedded-content\"><\/iframe>","description":"Unsere Gl\u00fcckw\u00fcnsche und Anerkennung gehen zu Ray Siviri\u00e1n Musiker, Autor dieses sch\u00f6ne Lied zu seinem Helden gewidmet, Vater Kino. Ray hat uns autorisiert es auf unserer Website zu ver\u00f6ffentlichen !! Vielen Dank Ray Hallo, ich hoffe zu Gott, sie sind gut! Ich habe diese E-Mail in das Priesterseminar in Hermosillo, Sonora Mexico erleichtert ich den [&hellip;]","thumbnail_url":"http:\/\/www.padrekino.org\/wp-content\/uploads\/2016\/04\/ray-300x169.jpg"}